{"id":264,"date":"2024-11-30T18:07:50","date_gmt":"2024-11-30T18:07:50","guid":{"rendered":"https:\/\/elvan.fi\/?page_id=264"},"modified":"2025-09-18T18:32:25","modified_gmt":"2025-09-18T18:32:25","slug":"varaus","status":"publish","type":"page","link":"https:\/\/elvan.fi\/fi\/varaus\/","title":{"rendered":"Varaus"},"content":{"rendered":"<h2><img loading=\"lazy\" decoding=\"async\" class=\"alignnone wp-image-37 size-full\" src=\"https:\/\/elvan.fi\/wp-content\/uploads\/2024\/11\/table2_1000x365.jpg\" alt=\"\" width=\"1000\" height=\"365\" srcset=\"https:\/\/elvan.fi\/wp-content\/uploads\/2024\/11\/table2_1000x365.jpg 1000w, https:\/\/elvan.fi\/wp-content\/uploads\/2024\/11\/table2_1000x365-300x110.jpg 300w, https:\/\/elvan.fi\/wp-content\/uploads\/2024\/11\/table2_1000x365-768x280.jpg 768w\" sizes=\"auto, (max-width: 1000px) 100vw, 1000px\" \/><\/h2>\n<h2>Varaus<\/h2>\n<h3>Vuokrat<\/h3>\n<p><strong>Arkip\u00e4iv\u00e4t<\/strong>: 70 \u20ac (perjantaihin klo 17 asti)<br \/>\n<strong>Perjantai klo 17 j\u00e4lkeen:<\/strong>\u00a0110 \u20ac<br \/>\n<strong>Lauantai\/sunnuntai\/pyh\u00e4p\u00e4iv\u00e4:<\/strong>\u00a0110 \u20ac \/pv<\/p>\n<p>Vuokra on kertamaksu. Varaukset tehd\u00e4\u00e4n hyviss\u00e4 ajoin online. <strong>Valitse tarvitsemasi tuntim\u00e4\u00e4r\u00e4.<\/strong><\/p>\n<p>Kun on kyse juhlista tai isommista tilaisuuksista, ota ensin yhteytt\u00e4 Vasa Folkets Hus-s\u00e4\u00e4ti\u00f6\u00f6n.<br \/>\nKatso ohjeet ja s\u00e4\u00e4nn\u00f6t alta.<\/p>\n<p>Kalenterissa n\u00e4et vapaita aikoja.<br \/>\n<a href=\"https:\/\/www.elvan.fi\/booking\/?action=changelang&amp;lang=finnish\" target=\"_blank\" rel=\"noopener\"><strong>Avaa vaauskalenteri &gt;&gt;<\/strong><\/a><\/p>\n<h3>Ohjeet ja s\u00e4\u00e4nn\u00f6t<\/h3>\n<p><strong>Ovi avataan automaattisesti:<\/strong>\u00a0Paina valkoista n\u00e4pp\u00e4int\u00e4 niin puhelu l\u00e4htee meille. Ellei onnistu, paina seuraavaa valkoista n\u00e4pp\u00e4int\u00e4.<\/p>\n<p>Siivoa kerhohuone k\u00e4yt\u00f6n j\u00e4lkeen. Tarkista siivouskohteet kerhohuoneessa olevan listan mukaisesti. Puutteellisesta siivouksesta perit\u00e4\u00e4n 20\u201350 \u20ac.<\/p>\n<p><strong><a href=\"https:\/\/elvan.fi\/wp-content\/uploads\/2025\/09\/siivous_syyskuu_2025-1.pdf\" target=\"_blank\" rel=\"noopener\">&gt;&gt; Katso Elvanin siivousohjeita<\/a><\/strong><\/p>\n<p><strong>Kerhohuoneessa saa olla samanaikaisesti enint\u00e4\u00e4n 35 henke\u00e4.<\/strong><br \/>\nTaloyhti\u00f6 Raastuvankatu 8 muistuttaa ett\u00e4 muita asukkaita h\u00e4ritsev\u00e4 melu ei ole sallittu klo 22 j\u00e4lkeen. Vieraiden tulee poistua kerhotilasta viimeist\u00e4\u00e4n klo 24.<\/p>\n<h3>Maksu<\/h3>\n<p><strong>Vuokra maksetaan tilille:<\/strong> FI98 5542 6840 0002 37<br \/>\n<strong>Vastaanottaja:<\/strong> Vasa Folkets Hus-stiftelsen, Vasa<br \/>\n<strong>Viesti:<\/strong> Elvan varaus + varauksen p\u00e4iv\u00e4m\u00e4\u00e4r\u00e4 esim. \u201cElvan varaus 12.10.2025\u201d<br \/>\n<strong>BIC:<\/strong> OKOYFIHH<\/p>\n<div id=\"tw-target-text-container\" class=\"tw-ta-container F0azHf tw-nfl\" tabindex=\"0\" role=\"text\">\n<pre id=\"tw-target-text\" class=\"tw-data-text tw-text-large tw-ta\" dir=\"ltr\" data-placeholder=\"\u00d6vers\u00e4ttning\" data-ved=\"2ahUKEwjj9JqMxIqKAxUmR1UIHQYQBXsQ3ewLegQICxAT\"><span class=\"Y2IQFc\" lang=\"fi\">\u00a0<\/span><\/pre>\n<\/div>\n","protected":false},"excerpt":{"rendered":"<p>Varaus Vuokrat Arkip\u00e4iv\u00e4t: 70 \u20ac (perjantaihin klo 17 asti) Perjantai klo 17 j\u00e4lkeen:\u00a0110 \u20ac Lauantai\/sunnuntai\/pyh\u00e4p\u00e4iv\u00e4:\u00a0110 \u20ac \/pv Vuokra on kertamaksu. Varaukset tehd\u00e4\u00e4n hyviss\u00e4 ajoin online. Valitse tarvitsemasi tuntim\u00e4\u00e4r\u00e4. Kun on&hellip;<\/p>\n","protected":false},"author":1,"featured_media":0,"parent":0,"menu_order":2,"comment_status":"closed","ping_status":"closed","template":"","meta":{"footnotes":""},"class_list":["post-264","page","type-page","status-publish","hentry"],"_links":{"self":[{"href":"https:\/\/elvan.fi\/fi\/wp-json\/wp\/v2\/pages\/264","targetHints":{"allow":["GET"]}}],"collection":[{"href":"https:\/\/elvan.fi\/fi\/wp-json\/wp\/v2\/pages"}],"about":[{"href":"https:\/\/elvan.fi\/fi\/wp-json\/wp\/v2\/types\/page"}],"author":[{"embeddable":true,"href":"https:\/\/elvan.fi\/fi\/wp-json\/wp\/v2\/users\/1"}],"replies":[{"embeddable":true,"href":"https:\/\/elvan.fi\/fi\/wp-json\/wp\/v2\/comments?post=264"}],"version-history":[{"count":9,"href":"https:\/\/elvan.fi\/fi\/wp-json\/wp\/v2\/pages\/264\/revisions"}],"predecessor-version":[{"id":425,"href":"https:\/\/elvan.fi\/fi\/wp-json\/wp\/v2\/pages\/264\/revisions\/425"}],"wp:attachment":[{"href":"https:\/\/elvan.fi\/fi\/wp-json\/wp\/v2\/media?parent=264"}],"curies":[{"name":"wp","href":"https:\/\/api.w.org\/{rel}","templated":true}]}}